{"id":1372,"date":"2026-03-25T17:13:00","date_gmt":"2026-03-25T16:13:00","guid":{"rendered":"https:\/\/simon-widdig.de\/website\/?page_id=1372"},"modified":"2026-04-08T12:55:15","modified_gmt":"2026-04-08T10:55:15","slug":"team","status":"publish","type":"page","link":"https:\/\/simon-widdig.de\/website\/team\/","title":{"rendered":"Unser Team"},"content":{"rendered":"\n<p>Wir besch\u00e4ftigen ein interdisziplin\u00e4res Team von MitarbeiterInnen verschiedener natur- und ingenieurwissenschaftlicher Fachrichtungen.<\/p>\n\n\n\n<h2 class=\"wp-block-heading\">ProjektleiterInnen<\/h2>\n\n\n\n<div class=\"wp-block-columns is-layout-flex wp-container-core-columns-is-layout-9d6595d7 wp-block-columns-is-layout-flex\">\n<div class=\"wp-block-column is-layout-flow wp-block-column-is-layout-flow\">\n<h3 class=\"wp-block-heading\">Janna Smit-Viergutz<\/h3>\n\n\n\n<figure class=\"wp-block-image size-medium is-resized is-style-rounded\"><img loading=\"lazy\" decoding=\"async\" width=\"300\" height=\"300\" src=\"https:\/\/simon-widdig.de\/website\/wp-content\/uploads\/2023\/04\/JSV_2023-300x300.jpg\" alt=\"\" class=\"wp-image-930\" style=\"object-fit:cover;width:225px;height:225px\" srcset=\"https:\/\/simon-widdig.de\/website\/wp-content\/uploads\/2023\/04\/JSV_2023-300x300.jpg 300w, https:\/\/simon-widdig.de\/website\/wp-content\/uploads\/2023\/04\/JSV_2023-150x150.jpg 150w, https:\/\/simon-widdig.de\/website\/wp-content\/uploads\/2023\/04\/JSV_2023.jpg 700w\" sizes=\"auto, (max-width: 300px) 100vw, 300px\" \/><\/figure>\n\n\n\n<p>Diplom-Biologin, Projektleiterin<\/p>\n\n\n\n<h4 class=\"wp-block-heading\">Arbeitsschwerpunkte<\/h4>\n\n\n\n<ul class=\"wp-block-list\">\n<li>Artenschutzrechtliche Fachbeitr\u00e4ge, FFH-Grunddatenerhebung, Monitoring, Naturschutzfachliche Bewertungen und Ma\u00dfnahmenplanung<\/li>\n\n\n\n<li>\u00d6kologische Baubegleitung (\u00d6BB)<\/li>\n\n\n\n<li>Faunistische Erfassungen (Flederm\u00e4use, Amphibien, Entomofauna)<\/li>\n\n\n\n<li>Exkursionen, Umweltbildung, \u00d6ffentlichkeitsarbeit<\/li>\n<\/ul>\n\n\n\n<h4 class=\"wp-block-heading\">Kontakt<\/h4>\n\n\n\n<p>Tel. 06421 - 9 71 20-17<\/p>\n\n\n\n<h3 class=\"wp-block-heading\">J\u00fcrgen Schicker<\/h3>\n\n\n\n<figure class=\"wp-block-image size-full is-resized is-style-rounded\"><img loading=\"lazy\" decoding=\"async\" width=\"700\" height=\"700\" src=\"https:\/\/simon-widdig.de\/website\/wp-content\/uploads\/2023\/04\/JSch_2023.jpg\" alt=\"\" class=\"wp-image-944\" style=\"object-fit:cover;width:225px;height:auto\" srcset=\"https:\/\/simon-widdig.de\/website\/wp-content\/uploads\/2023\/04\/JSch_2023.jpg 700w, https:\/\/simon-widdig.de\/website\/wp-content\/uploads\/2023\/04\/JSch_2023-300x300.jpg 300w, https:\/\/simon-widdig.de\/website\/wp-content\/uploads\/2023\/04\/JSch_2023-150x150.jpg 150w\" sizes=\"auto, (max-width: 700px) 100vw, 700px\" \/><\/figure>\n\n\n\n<p>Diplom-Biologe, Projektleiter<\/p>\n\n\n\n<h4 class=\"wp-block-heading\">Arbeitsschwerpunkte<\/h4>\n\n\n\n<ul class=\"wp-block-list\">\n<li>Landschaftspflegerische Begleitpl\u00e4ne, Eingriffs- \/ Ausgleichsplanung,&nbsp;FFH-Vertr\u00e4glichkeitspr\u00fcfungen, Artenschutzrechtliche Fachbeitr\u00e4ge<\/li>\n\n\n\n<li>Geografische Informationssysteme (GIS)<\/li>\n\n\n\n<li>Faunistische Erfassungen (V\u00f6gel)<\/li>\n\n\n\n<li>\u00d6kologische Baubegleitung (\u00d6BB)<\/li>\n\n\n\n<li>Fledermaus-Gondelmonitoring auf WKA (Anwender PSAgA gem\u00e4\u00df BGR 198 und 199)<\/li>\n\n\n\n<li>Sachkundiger f\u00fcr pers\u00f6nliche Schutzausr\u00fcstung gegen Absturz nach&nbsp;DGUV&nbsp;Grundsatz 312-906<\/li>\n\n\n\n<li>Exkursionen und Umweltbildung<\/li>\n\n\n\n<li>Datenschutzbeauftragter<\/li>\n<\/ul>\n\n\n\n<h4 class=\"wp-block-heading\">Kontakt<\/h4>\n\n\n\n<p>Tel.: 064212 - 9 71 29-13<\/p>\n\n\n\n<h3 class=\"wp-block-heading\">Sabine Schade<\/h3>\n\n\n\n<figure class=\"wp-block-image size-full is-resized is-style-rounded\"><img loading=\"lazy\" decoding=\"async\" width=\"700\" height=\"700\" src=\"https:\/\/simon-widdig.de\/website\/wp-content\/uploads\/2023\/04\/SSch_2023.jpg\" alt=\"\" class=\"wp-image-940\" style=\"object-fit:cover;width:225px;height:225px\" srcset=\"https:\/\/simon-widdig.de\/website\/wp-content\/uploads\/2023\/04\/SSch_2023.jpg 700w, https:\/\/simon-widdig.de\/website\/wp-content\/uploads\/2023\/04\/SSch_2023-300x300.jpg 300w, https:\/\/simon-widdig.de\/website\/wp-content\/uploads\/2023\/04\/SSch_2023-150x150.jpg 150w\" sizes=\"auto, (max-width: 700px) 100vw, 700px\" \/><\/figure>\n\n\n\n<p>M. Sc. Biologie, Projektleiterin<\/p>\n\n\n\n<h4 class=\"wp-block-heading\">Arbeitsschwerpunkte<\/h4>\n\n\n\n<ul class=\"wp-block-list\">\n<li>Projektkoordination<\/li>\n\n\n\n<li>Artenschutzrechtliche Fachbeitr\u00e4ge, FFH-Vertr\u00e4glichkeitspr\u00fcfung, Naturschutzfachliche Bewertungen und Ma\u00dfnahmenplanung<\/li>\n\n\n\n<li>Faunistische Erfassung (Flederm\u00e4use, Haselm\u00e4use, Amphibien, Reptilien)<\/li>\n\n\n\n<li>Exkursionen, Umweltbildung, \u00d6ffentlichkeitsarbeit<\/li>\n<\/ul>\n\n\n\n<h4 class=\"wp-block-heading\">Kontakt<\/h4>\n\n\n\n<p>Tel.: 06421 - 9 71 29-0<\/p>\n<\/div>\n\n\n\n<div class=\"wp-block-column is-layout-flow wp-block-column-is-layout-flow\">\n<h3 class=\"wp-block-heading\">Heiko K\u00f6stermeier<\/h3>\n\n\n\n<figure class=\"wp-block-image size-full is-resized is-style-rounded\"><img loading=\"lazy\" decoding=\"async\" width=\"700\" height=\"700\" src=\"https:\/\/simon-widdig.de\/website\/wp-content\/uploads\/2023\/04\/HK_2023.jpg\" alt=\"\" class=\"wp-image-974\" style=\"object-fit:cover;width:225px;height:225px\" srcset=\"https:\/\/simon-widdig.de\/website\/wp-content\/uploads\/2023\/04\/HK_2023.jpg 700w, https:\/\/simon-widdig.de\/website\/wp-content\/uploads\/2023\/04\/HK_2023-300x300.jpg 300w, https:\/\/simon-widdig.de\/website\/wp-content\/uploads\/2023\/04\/HK_2023-150x150.jpg 150w\" sizes=\"auto, (max-width: 700px) 100vw, 700px\" \/><\/figure>\n\n\n\n<p>Diplom-Biologe, Projektleiter<\/p>\n\n\n\n<h4 class=\"wp-block-heading\">Arbeitsschwerpunkte<\/h4>\n\n\n\n<ul class=\"wp-block-list\">\n<li>Artenschutzrechtliche Fachbeitr\u00e4ge,&nbsp;FFH-Vertr\u00e4glichkeitspr\u00fcfungen,&nbsp;FFH-Grunddatenerhebung, Naturschutzfachliche Bewertungen und Ma\u00dfnahmenplanung<\/li>\n\n\n\n<li>Forschungsvorhaben<\/li>\n\n\n\n<li>\u00d6kologische Baubegleitung<\/li>\n\n\n\n<li>Geografische Informationssysteme (GIS)<\/li>\n\n\n\n<li>Faunistische Erfassungen (V\u00f6gel, Flederm\u00e4use, Amphibien, Entomofauna)<\/li>\n\n\n\n<li>Bioakustische Auswertungen (Fledermausrufe)<\/li>\n<\/ul>\n\n\n\n<h4 class=\"wp-block-heading\">Kontakt<\/h4>\n\n\n\n<p>Tel.: 06421 - 9 71 29-18<\/p>\n\n\n\n<h3 class=\"wp-block-heading\">Gesa Hattermann<\/h3>\n\n\n\n<figure class=\"wp-block-image size-full is-resized is-style-rounded\"><img loading=\"lazy\" decoding=\"async\" width=\"700\" height=\"700\" src=\"https:\/\/simon-widdig.de\/website\/wp-content\/uploads\/2023\/04\/GH_2023.jpg\" alt=\"\" class=\"wp-image-917\" style=\"object-fit:cover;width:225px;height:225px\" srcset=\"https:\/\/simon-widdig.de\/website\/wp-content\/uploads\/2023\/04\/GH_2023.jpg 700w, https:\/\/simon-widdig.de\/website\/wp-content\/uploads\/2023\/04\/GH_2023-300x300.jpg 300w, https:\/\/simon-widdig.de\/website\/wp-content\/uploads\/2023\/04\/GH_2023-150x150.jpg 150w\" sizes=\"auto, (max-width: 700px) 100vw, 700px\" \/><\/figure>\n\n\n\n<p>B. Sc. Geographie, Projektleiterin, Personalleiterin<\/p>\n\n\n\n<h4 class=\"wp-block-heading\">Arbeitsschwerpunkte<\/h4>\n\n\n\n<ul class=\"wp-block-list\">\n<li>Biotoptypenkartierung, Vegetationsaufnahmen<\/li>\n\n\n\n<li>Vegetationskundliche Gutachten<\/li>\n\n\n\n<li>Eingriffs- \/ Ausgleichsplanung<\/li>\n\n\n\n<li>Floristische Erfassungen<\/li>\n\n\n\n<li>Projektkoordination<\/li>\n\n\n\n<li>Koordination der Kartierer*innen<\/li>\n\n\n\n<li>Geographische Informationssysteme (GIS)<\/li>\n\n\n\n<li>Datenerfassung und -auswertung<\/li>\n<\/ul>\n\n\n\n<h4 class=\"wp-block-heading\">Kontakt<\/h4>\n\n\n\n<p>Tel.: 06421 - 9 71 29-19<\/p>\n\n\n\n<h3 class=\"wp-block-heading\">Dr. rer. nat. Larissa Albrecht<\/h3>\n\n\n\n<figure class=\"wp-block-image size-full is-resized is-style-rounded\"><img loading=\"lazy\" decoding=\"async\" width=\"700\" height=\"700\" src=\"https:\/\/simon-widdig.de\/website\/wp-content\/uploads\/2023\/04\/LA_2023.jpg\" alt=\"\" class=\"wp-image-938\" style=\"object-fit:cover;width:225px;height:225px\" srcset=\"https:\/\/simon-widdig.de\/website\/wp-content\/uploads\/2023\/04\/LA_2023.jpg 700w, https:\/\/simon-widdig.de\/website\/wp-content\/uploads\/2023\/04\/LA_2023-300x300.jpg 300w, https:\/\/simon-widdig.de\/website\/wp-content\/uploads\/2023\/04\/LA_2023-150x150.jpg 150w\" sizes=\"auto, (max-width: 700px) 100vw, 700px\" \/><\/figure>\n\n\n\n<p>Diplom-Biologin, Projektleiterin<\/p>\n\n\n\n<h4 class=\"wp-block-heading\">Arbeitsschwerpunkte<\/h4>\n\n\n\n<ul class=\"wp-block-list\">\n<li>Landschaftspflegerische Begleitpl\u00e4ne (LBP), Eingriffs- \/ Ausgleichsplanung, FFH-Vertr\u00e4glichkeitspr\u00fcfungen, Artenschutzrechtliche Fachbeitr\u00e4ge<\/li>\n\n\n\n<li>Geografische Informationssysteme (GIS)<\/li>\n\n\n\n<li>Kartographie<\/li>\n<\/ul>\n\n\n\n<h4 class=\"wp-block-heading\">Kontakt<\/h4>\n\n\n\n<p>Tel. 06421 - 9 71 29-15<\/p>\n\n\n\n<h3 class=\"wp-block-heading\"><\/h3>\n<\/div>\n<\/div>\n\n\n\n<p>&nbsp;<\/p>\n\n\n\n<h2 class=\"wp-block-heading\">Wissenschaftliche MitarbeiterInnen<\/h2>\n\n\n\n<div class=\"wp-block-columns is-layout-flex wp-container-core-columns-is-layout-9d6595d7 wp-block-columns-is-layout-flex\">\n<div class=\"wp-block-column is-layout-flow wp-block-column-is-layout-flow\"><\/div>\n\n\n\n<div class=\"wp-block-column is-layout-flow wp-block-column-is-layout-flow\"><\/div>\n<\/div>\n\n\n\n<div class=\"wp-block-columns is-layout-flex wp-container-core-columns-is-layout-9d6595d7 wp-block-columns-is-layout-flex\">\n<div class=\"wp-block-column is-layout-flow wp-block-column-is-layout-flow\">\n<h3 class=\"wp-block-heading\">Andreas Heller<\/h3>\n\n\n\n<figure class=\"wp-block-image size-full is-resized is-style-rounded\"><img loading=\"lazy\" decoding=\"async\" width=\"700\" height=\"700\" src=\"https:\/\/simon-widdig.de\/website\/wp-content\/uploads\/2023\/04\/AH_2023.jpg\" alt=\"\" class=\"wp-image-968\" style=\"object-fit:cover;width:225px;height:225px\" srcset=\"https:\/\/simon-widdig.de\/website\/wp-content\/uploads\/2023\/04\/AH_2023.jpg 700w, https:\/\/simon-widdig.de\/website\/wp-content\/uploads\/2023\/04\/AH_2023-300x300.jpg 300w, https:\/\/simon-widdig.de\/website\/wp-content\/uploads\/2023\/04\/AH_2023-150x150.jpg 150w\" sizes=\"auto, (max-width: 700px) 100vw, 700px\" \/><\/figure>\n\n\n\n<p>Diplom-Geograph<\/p>\n\n\n\n<h4 class=\"wp-block-heading\">Arbeitsschwerpunkte<\/h4>\n\n\n\n<ul class=\"wp-block-list\">\n<li>Faunistische Erfassung (Flederm\u00e4use, Haselm\u00e4use, Wildkatze, Amphibien, Reptilien)<\/li>\n\n\n\n<li>\u00d6kologische Baubegleitung (\u00d6BB)<\/li>\n\n\n\n<li>Umsetzung Artenschutzma\u00dfnahmen<\/li>\n<\/ul>\n\n\n\n<h4 class=\"wp-block-heading\">Kontakt<\/h4>\n\n\n\n<p>Tel. 06421 - 9 71 29-0<\/p>\n\n\n\n<h3 class=\"wp-block-heading\">Dr. rer. nat Matthias Jakobs<\/h3>\n\n\n\n<figure class=\"wp-block-image size-full is-resized is-style-rounded\"><img loading=\"lazy\" decoding=\"async\" width=\"700\" height=\"700\" src=\"https:\/\/simon-widdig.de\/website\/wp-content\/uploads\/2023\/04\/MJ_2023.jpg\" alt=\"\" class=\"wp-image-962\" style=\"object-fit:cover;width:225px;height:225px\" srcset=\"https:\/\/simon-widdig.de\/website\/wp-content\/uploads\/2023\/04\/MJ_2023.jpg 700w, https:\/\/simon-widdig.de\/website\/wp-content\/uploads\/2023\/04\/MJ_2023-300x300.jpg 300w, https:\/\/simon-widdig.de\/website\/wp-content\/uploads\/2023\/04\/MJ_2023-150x150.jpg 150w\" sizes=\"auto, (max-width: 700px) 100vw, 700px\" \/><\/figure>\n\n\n\n<p>Diplom-Biologe<\/p>\n\n\n\n<h4 class=\"wp-block-heading\">Aufgabenschwerpunkte<\/h4>\n\n\n\n<ul class=\"wp-block-list\">\n<li>IT-Infrastruktur und -Support<\/li>\n\n\n\n<li>Technischer Support<\/li>\n\n\n\n<li>Datenauswertung<\/li>\n<\/ul>\n\n\n\n<h4 class=\"wp-block-heading\">Kontakt<\/h4>\n\n\n\n<p>Tel.: 06421 - 9 71 29-40<\/p>\n\n\n\n<p><\/p>\n\n\n\n<p><\/p>\n\n\n\n<h3 class=\"wp-block-heading\">Julia Trier<\/h3>\n\n\n\n<figure class=\"wp-block-image size-full is-resized is-style-rounded\"><img loading=\"lazy\" decoding=\"async\" width=\"700\" height=\"700\" src=\"https:\/\/simon-widdig.de\/website\/wp-content\/uploads\/2022\/11\/portrait_ersatz_1.jpeg\" alt=\"\" class=\"wp-image-781\" style=\"object-fit:cover;width:225px;height:auto\" srcset=\"https:\/\/simon-widdig.de\/website\/wp-content\/uploads\/2022\/11\/portrait_ersatz_1.jpeg 700w, https:\/\/simon-widdig.de\/website\/wp-content\/uploads\/2022\/11\/portrait_ersatz_1-300x300.jpeg 300w, https:\/\/simon-widdig.de\/website\/wp-content\/uploads\/2022\/11\/portrait_ersatz_1-150x150.jpeg 150w\" sizes=\"auto, (max-width: 700px) 100vw, 700px\" \/><\/figure>\n\n\n\n<p>B. Sc. Geographie<\/p>\n\n\n\n<h4 class=\"wp-block-heading\">Aufgabenschwerpunkte<\/h4>\n\n\n\n<ul class=\"wp-block-list\">\n<li>Faunistische Erfassung (Flederm\u00e4use, V\u00f6gel, Haselm\u00e4use, Amphibien, Reptilien)<\/li>\n\n\n\n<li>Artenschutzrechtliche Fachbeitr\u00e4ge<\/li>\n\n\n\n<li>Geographische Informationssysteme (GIS)<\/li>\n\n\n\n<li>Datenerfassung und -auswertung<\/li>\n<\/ul>\n\n\n\n<h4 class=\"wp-block-heading\">Kontakt<\/h4>\n\n\n\n<p>Tel.: 06421 - 9 71 29-34<\/p>\n\n\n\n<h3 class=\"wp-block-heading\">Till Schensky<\/h3>\n\n\n\n<figure class=\"wp-block-image size-full is-resized is-style-rounded\"><img loading=\"lazy\" decoding=\"async\" width=\"700\" height=\"700\" src=\"https:\/\/simon-widdig.de\/website\/wp-content\/uploads\/2023\/04\/TS_2023.jpg\" alt=\"\" class=\"wp-image-954\" style=\"object-fit:cover;width:225px;height:auto\" srcset=\"https:\/\/simon-widdig.de\/website\/wp-content\/uploads\/2023\/04\/TS_2023.jpg 700w, https:\/\/simon-widdig.de\/website\/wp-content\/uploads\/2023\/04\/TS_2023-300x300.jpg 300w, https:\/\/simon-widdig.de\/website\/wp-content\/uploads\/2023\/04\/TS_2023-150x150.jpg 150w\" sizes=\"auto, (max-width: 700px) 100vw, 700px\" \/><\/figure>\n\n\n\n<p>B. Sc. Biodiversit\u00e4t und \u00d6kologie<\/p>\n\n\n\n<h3 class=\"wp-block-heading\">Aufgabenschwerpunkte<\/h3>\n\n\n\n<ul class=\"wp-block-list\">\n<li>Faunistische Erfassung (Flederm\u00e4use, Haselm\u00e4use, Reptilien)<\/li>\n\n\n\n<li>Artenschutzrechtliche Fachbeitr\u00e4ge<\/li>\n\n\n\n<li>Baumh\u00f6hlenkontrolle mittels seilunterst\u00fctzter Baumklettertechnik (SKT-A)<\/li>\n\n\n\n<li>Geographische Informationssysteme (GIS)<\/li>\n\n\n\n<li>Datenerfassung und -auswertung<\/li>\n<\/ul>\n\n\n\n<h4 class=\"wp-block-heading\">Kontakt<\/h4>\n\n\n\n<p>Tel.: 96421 - 9 71 29-39<\/p>\n\n\n\n<h3 class=\"wp-block-heading\">Anja Twardy<\/h3>\n\n\n\n<figure class=\"wp-block-image size-full is-resized is-style-rounded\"><img loading=\"lazy\" decoding=\"async\" width=\"700\" height=\"700\" src=\"https:\/\/simon-widdig.de\/website\/wp-content\/uploads\/2022\/11\/portrait_ersatz_1.jpeg\" alt=\"\" class=\"wp-image-781\" style=\"object-fit:cover;width:225px;height:225px\" srcset=\"https:\/\/simon-widdig.de\/website\/wp-content\/uploads\/2022\/11\/portrait_ersatz_1.jpeg 700w, https:\/\/simon-widdig.de\/website\/wp-content\/uploads\/2022\/11\/portrait_ersatz_1-300x300.jpeg 300w, https:\/\/simon-widdig.de\/website\/wp-content\/uploads\/2022\/11\/portrait_ersatz_1-150x150.jpeg 150w\" sizes=\"auto, (max-width: 700px) 100vw, 700px\" \/><\/figure>\n\n\n\n<p>Diplom-Biologin<\/p>\n\n\n\n<h4 class=\"wp-block-heading\">Arbeitsschwerpunkte<\/h4>\n\n\n\n<ul class=\"wp-block-list\">\n<li>Faunistische Erfassung (V\u00f6gel)<\/li>\n\n\n\n<li>Geografische Informationssysteme (GIS)<\/li>\n\n\n\n<li>Artenschutzrechtliche Fachbeitr\u00e4ge<\/li>\n\n\n\n<li>Datenerfassung und \u2013auswertung<\/li>\n<\/ul>\n\n\n\n<h4 class=\"wp-block-heading\">Kontakt<\/h4>\n\n\n\n<p>Tel.: 06421 - 9 71 29-22<\/p>\n\n\n\n<h3 class=\"wp-block-heading\">Ronja Sommerfeld<\/h3>\n\n\n\n<figure class=\"wp-block-image size-full is-resized is-style-rounded\"><img loading=\"lazy\" decoding=\"async\" width=\"700\" height=\"694\" src=\"https:\/\/simon-widdig.de\/website\/wp-content\/uploads\/2023\/04\/RS_2023.jpg\" alt=\"\" class=\"wp-image-977\" style=\"object-fit:cover;width:225px;height:225px\" srcset=\"https:\/\/simon-widdig.de\/website\/wp-content\/uploads\/2023\/04\/RS_2023.jpg 700w, https:\/\/simon-widdig.de\/website\/wp-content\/uploads\/2023\/04\/RS_2023-300x297.jpg 300w, https:\/\/simon-widdig.de\/website\/wp-content\/uploads\/2023\/04\/RS_2023-150x150.jpg 150w\" sizes=\"auto, (max-width: 700px) 100vw, 700px\" \/><\/figure>\n\n\n\n<p>M. A. \u00dcbersetzungswissenschaften<\/p>\n\n\n\n<h4 class=\"wp-block-heading\">Arbeitsschwertpunkte<\/h4>\n\n\n\n<ul class=\"wp-block-list\">\n<li>Faunistische Erfassung (V\u00f6gel)<\/li>\n\n\n\n<li>Datenerfassung und -auswertung<\/li>\n\n\n\n<li>Geographische Informationssysteme (GIS)<\/li>\n<\/ul>\n\n\n\n<h4 class=\"wp-block-heading\">Kontakt<\/h4>\n\n\n\n<p>Tel.: 06421 - 9 71 29-24<\/p>\n\n\n\n<h3 class=\"wp-block-heading\">Anne Ende<\/h3>\n\n\n\n<figure class=\"wp-block-image size-full is-resized is-style-rounded\"><img loading=\"lazy\" decoding=\"async\" width=\"700\" height=\"699\" src=\"https:\/\/simon-widdig.de\/website\/wp-content\/uploads\/2023\/04\/AE_2023.jpg\" alt=\"\" class=\"wp-image-1018\" style=\"aspect-ratio:1;object-fit:cover;width:225px;height:auto\" srcset=\"https:\/\/simon-widdig.de\/website\/wp-content\/uploads\/2023\/04\/AE_2023.jpg 700w, https:\/\/simon-widdig.de\/website\/wp-content\/uploads\/2023\/04\/AE_2023-300x300.jpg 300w, https:\/\/simon-widdig.de\/website\/wp-content\/uploads\/2023\/04\/AE_2023-150x150.jpg 150w\" sizes=\"auto, (max-width: 700px) 100vw, 700px\" \/><\/figure>\n\n\n\n<p>Diplom-Biologin<\/p>\n\n\n\n<h4 class=\"wp-block-heading\">Arbeitsschwerpunkte<\/h4>\n\n\n\n<ul class=\"wp-block-list\">\n<li>Faunistische Erfassung (V\u00f6gel, Flederm\u00e4use, Waldstruktur)<\/li>\n\n\n\n<li>Datenerfassung und -auswertung<\/li>\n\n\n\n<li>Geographische Informationssysteme (GIS)<\/li>\n\n\n\n<li>Baumh\u00f6hlenkontrolle mittels seilunterst\u00fctzter Baumklettertechnik (SKT-A)<\/li>\n\n\n\n<li>Fledermaus-Gondelmonitoring auf&nbsp;WKA&nbsp;(Anwender&nbsp;PSAgA&nbsp;gem\u00e4\u00df&nbsp;BGR&nbsp;198 und 199)<\/li>\n<\/ul>\n\n\n\n<h4 class=\"wp-block-heading\">Kontakt<\/h4>\n\n\n\n<p>Tel.: 06421 - 9 71 29-43<\/p>\n\n\n\n<h3 class=\"wp-block-heading\">Dr. rer. nat. Vinzent Schulz<\/h3>\n\n\n\n<figure class=\"wp-block-image size-full is-resized is-style-rounded\"><img loading=\"lazy\" decoding=\"async\" width=\"700\" height=\"700\" src=\"https:\/\/simon-widdig.de\/website\/wp-content\/uploads\/2022\/11\/portrait_ersatz_1.jpeg\" alt=\"\" class=\"wp-image-781\" style=\"object-fit:cover;width:225px;height:225px\" srcset=\"https:\/\/simon-widdig.de\/website\/wp-content\/uploads\/2022\/11\/portrait_ersatz_1.jpeg 700w, https:\/\/simon-widdig.de\/website\/wp-content\/uploads\/2022\/11\/portrait_ersatz_1-300x300.jpeg 300w, https:\/\/simon-widdig.de\/website\/wp-content\/uploads\/2022\/11\/portrait_ersatz_1-150x150.jpeg 150w\" sizes=\"auto, (max-width: 700px) 100vw, 700px\" \/><\/figure>\n\n\n\n<p>M. Sc. Chemie<\/p>\n\n\n\n<h3 class=\"wp-block-heading\">Arbeitsschwerpunkte<\/h3>\n\n\n\n<ul class=\"wp-block-list\">\n<li>Faunistische Erfassung (V\u00f6gel, Flederm\u00e4use, Waldstruktur)<\/li>\n\n\n\n<li>Datenerfassung und -auswertung<\/li>\n\n\n\n<li>Geographische Informationssysteme (GIS)<\/li>\n<\/ul>\n\n\n\n<h4 class=\"wp-block-heading\">Kontakt<\/h4>\n\n\n\n<p>Tel.: 06421 - 9 71 29-47<\/p>\n\n\n\n<h3 class=\"wp-block-heading\">Malte Simon<\/h3>\n\n\n\n<figure class=\"wp-block-image size-full is-resized is-style-rounded\"><img loading=\"lazy\" decoding=\"async\" width=\"700\" height=\"700\" src=\"https:\/\/simon-widdig.de\/website\/wp-content\/uploads\/2022\/11\/portrait_ersatz_1.jpeg\" alt=\"\" class=\"wp-image-781\" style=\"object-fit:cover;width:225px;height:225px\" srcset=\"https:\/\/simon-widdig.de\/website\/wp-content\/uploads\/2022\/11\/portrait_ersatz_1.jpeg 700w, https:\/\/simon-widdig.de\/website\/wp-content\/uploads\/2022\/11\/portrait_ersatz_1-300x300.jpeg 300w, https:\/\/simon-widdig.de\/website\/wp-content\/uploads\/2022\/11\/portrait_ersatz_1-150x150.jpeg 150w\" sizes=\"auto, (max-width: 700px) 100vw, 700px\" \/><\/figure>\n\n\n\n<p>M. Sc. \u00d6kologie und Landschaftsplanung<\/p>\n\n\n\n<h4 class=\"wp-block-heading\">Arbeitsschwerpunkte<\/h4>\n\n\n\n<ul class=\"wp-block-list\">\n<li>Landschaftspflegerische Begleitpl\u00e4ne (LBP), Umweltberichte, Eingriffs-\/Ausgleichsplanung (EAP)<\/li>\n\n\n\n<li>Faunistische Erfassungen (V\u00f6gel, Flederm\u00e4use, Amphibien, Entomofauna)<\/li>\n\n\n\n<li>Datenerfassung und -auswertung<\/li>\n\n\n\n<li>Geographische Informationssysteme (GIS)<\/li>\n<\/ul>\n\n\n\n<h4 class=\"wp-block-heading\">Kontakt<\/h4>\n\n\n\n<p>Tel.: 06421 - 9 71 29-36<\/p>\n\n\n\n<h3 class=\"wp-block-heading\">Lenny Nagpal<\/h3>\n\n\n\n<figure class=\"wp-block-image size-full is-resized is-style-rounded\"><img loading=\"lazy\" decoding=\"async\" width=\"728\" height=\"700\" src=\"https:\/\/simon-widdig.de\/website\/wp-content\/uploads\/2024\/03\/Lenny2.jpg\" alt=\"\" class=\"wp-image-1178\" style=\"object-fit:cover;width:225px;height:225px\" srcset=\"https:\/\/simon-widdig.de\/website\/wp-content\/uploads\/2024\/03\/Lenny2.jpg 728w, https:\/\/simon-widdig.de\/website\/wp-content\/uploads\/2024\/03\/Lenny2-300x288.jpg 300w\" sizes=\"auto, (max-width: 728px) 100vw, 728px\" \/><\/figure>\n\n\n\n<p>B. Sc. Umweltmanagement<\/p>\n\n\n\n<h4 class=\"wp-block-heading\">Arbeitsschwerpunkte<\/h4>\n\n\n\n<ul class=\"wp-block-list\">\n<li>Faunistische Erfassung (Flederm\u00e4use, Haselmaus, Reptilien)<\/li>\n\n\n\n<li>\u00d6kologische Baubegleitung (\u00d6BB)<\/li>\n\n\n\n<li>Datenerfassung und -auswertung<\/li>\n\n\n\n<li>Baumh\u00f6hlenkontrolle mittels seilunterst\u00fctzter Baumklettertechnik (SKT-A)<\/li>\n<\/ul>\n\n\n\n<h4 class=\"wp-block-heading\">Kontakt<\/h4>\n\n\n\n<p>Tel.: 06421 - 9 71 29-46<\/p>\n\n\n\n<h3 class=\"wp-block-heading\">Alexander Wojcik<\/h3>\n\n\n\n<figure class=\"wp-block-image size-full is-resized is-style-rounded\"><img loading=\"lazy\" decoding=\"async\" width=\"700\" height=\"700\" src=\"https:\/\/simon-widdig.de\/website\/wp-content\/uploads\/2022\/11\/portrait_ersatz_1.jpeg\" alt=\"\" class=\"wp-image-781\" style=\"object-fit:cover;width:225px;height:225px\" srcset=\"https:\/\/simon-widdig.de\/website\/wp-content\/uploads\/2022\/11\/portrait_ersatz_1.jpeg 700w, https:\/\/simon-widdig.de\/website\/wp-content\/uploads\/2022\/11\/portrait_ersatz_1-300x300.jpeg 300w, https:\/\/simon-widdig.de\/website\/wp-content\/uploads\/2022\/11\/portrait_ersatz_1-150x150.jpeg 150w\" sizes=\"auto, (max-width: 700px) 100vw, 700px\" \/><\/figure>\n\n\n\n<p>M. Sc. \u00d6kologische Agrarwissenschaften<\/p>\n\n\n\n<h4 class=\"wp-block-heading\">Arbeitsschwerpunkte<\/h4>\n\n\n\n<ul class=\"wp-block-list\">\n<li>Faunistische Erfassung (V\u00f6gel, Heuschrecken, Amphibien)<\/li>\n\n\n\n<li>Artenschutzrechtliche Fachbeitr\u00e4ge<\/li>\n\n\n\n<li>Datenerfassung und -auswertung<\/li>\n\n\n\n<li>Geographische Informationssysteme (GIS)<\/li>\n<\/ul>\n\n\n\n<h4 class=\"wp-block-heading\">Kontakt<\/h4>\n\n\n\n<p>Tel.: 06421 9 71 29-0<\/p>\n\n\n\n<h3 class=\"wp-block-heading\">Thorsten Nather<\/h3>\n\n\n\n<figure class=\"wp-block-image size-full is-resized is-style-rounded\"><img loading=\"lazy\" decoding=\"async\" width=\"700\" height=\"700\" src=\"https:\/\/simon-widdig.de\/website\/wp-content\/uploads\/2022\/11\/portrait_ersatz_1.jpeg\" alt=\"\" class=\"wp-image-781\" style=\"object-fit:cover;width:225px;height:225px\" srcset=\"https:\/\/simon-widdig.de\/website\/wp-content\/uploads\/2022\/11\/portrait_ersatz_1.jpeg 700w, https:\/\/simon-widdig.de\/website\/wp-content\/uploads\/2022\/11\/portrait_ersatz_1-300x300.jpeg 300w, https:\/\/simon-widdig.de\/website\/wp-content\/uploads\/2022\/11\/portrait_ersatz_1-150x150.jpeg 150w\" sizes=\"auto, (max-width: 700px) 100vw, 700px\" \/><\/figure>\n\n\n\n<p>M. Sc. Physische Geographie<\/p>\n\n\n\n<h4 class=\"wp-block-heading\">Arbeitsschwerpunkte<\/h4>\n\n\n\n<ul class=\"wp-block-list\">\n<li>Landschaftspflegerische Begleitpl\u00e4ne (LBP), Umweltberichte, Eingriffs-\/Ausgleichsplanung (EAP)<\/li>\n\n\n\n<li>Biotoptypenkartierung<\/li>\n\n\n\n<li>Datenerfassung und -auswertung<\/li>\n\n\n\n<li>Geographische Informationssysteme (GIS)<\/li>\n<\/ul>\n\n\n\n<h4 class=\"wp-block-heading\">Kontakt<\/h4>\n\n\n\n<p>Tel.: 06421 9 71 29-32<\/p>\n\n\n\n<h3 class=\"wp-block-heading\">Nicolas Halstrick<\/h3>\n\n\n\n<figure class=\"wp-block-image size-full is-resized is-style-rounded\"><img loading=\"lazy\" decoding=\"async\" width=\"700\" height=\"700\" src=\"https:\/\/simon-widdig.de\/website\/wp-content\/uploads\/2022\/11\/portrait_ersatz_1.jpeg\" alt=\"\" class=\"wp-image-781\" style=\"object-fit:cover;width:225px;height:225px\" srcset=\"https:\/\/simon-widdig.de\/website\/wp-content\/uploads\/2022\/11\/portrait_ersatz_1.jpeg 700w, https:\/\/simon-widdig.de\/website\/wp-content\/uploads\/2022\/11\/portrait_ersatz_1-300x300.jpeg 300w, https:\/\/simon-widdig.de\/website\/wp-content\/uploads\/2022\/11\/portrait_ersatz_1-150x150.jpeg 150w\" sizes=\"auto, (max-width: 700px) 100vw, 700px\" \/><\/figure>\n\n\n\n<p>B. Eng. Landschaftsentwicklung<\/p>\n\n\n\n<h4 class=\"wp-block-heading\">Arbeitsschwerpunkte<\/h4>\n\n\n\n<ul class=\"wp-block-list\">\n<li>Faunistische Erfassung (V\u00f6gel, Amphibien, Reptilien, Haselm\u00e4use)<\/li>\n\n\n\n<li>Geografische Informationssysteme (GIS)<\/li>\n\n\n\n<li>Artenschutzrechtliche Fachbeitr\u00e4ge<\/li>\n\n\n\n<li>Datenerfassung und \u2013auswertung<\/li>\n<\/ul>\n\n\n\n<h4 class=\"wp-block-heading\">Kontakt<\/h4>\n\n\n\n<p>Tel.: 06421 - 9 71 29-0<\/p>\n\n\n\n<p><\/p>\n<\/div>\n\n\n\n<div class=\"wp-block-column is-layout-flow wp-block-column-is-layout-flow\">\n<h3 class=\"wp-block-heading\">Hannah Reith<\/h3>\n\n\n\n<figure class=\"wp-block-image size-full is-resized is-style-rounded\"><img loading=\"lazy\" decoding=\"async\" width=\"698\" height=\"702\" src=\"https:\/\/simon-widdig.de\/website\/wp-content\/uploads\/2024\/03\/hannah.jpg\" alt=\"\" class=\"wp-image-1168\" style=\"object-fit:cover;width:225px;height:225px\" srcset=\"https:\/\/simon-widdig.de\/website\/wp-content\/uploads\/2024\/03\/hannah.jpg 698w, https:\/\/simon-widdig.de\/website\/wp-content\/uploads\/2024\/03\/hannah-298x300.jpg 298w, https:\/\/simon-widdig.de\/website\/wp-content\/uploads\/2024\/03\/hannah-150x150.jpg 150w\" sizes=\"auto, (max-width: 698px) 100vw, 698px\" \/><\/figure>\n\n\n\n<p>M. Sc. Biowissenschaften<\/p>\n\n\n\n<h4 class=\"wp-block-heading\">Arbeitsschwerpunkte<\/h4>\n\n\n\n<ul class=\"wp-block-list\">\n<li>Faunistische Erfassung (V\u00f6gel, Haselm\u00e4use, Tagfalter)<\/li>\n\n\n\n<li>Artenschutzrechtliche Fachbeitr\u00e4ge<\/li>\n\n\n\n<li>Datenerfassung und -auswertung<\/li>\n\n\n\n<li>Geographische Informationssysteme (GIS)<\/li>\n<\/ul>\n\n\n\n<h4 class=\"wp-block-heading\">Kontakt<\/h4>\n\n\n\n<p>Tel. 06421 - 9 71 29-30<\/p>\n\n\n\n<h3 class=\"wp-block-heading\">Jana Stenger<\/h3>\n\n\n\n<figure class=\"wp-block-image size-full is-resized is-style-rounded\"><img loading=\"lazy\" decoding=\"async\" width=\"700\" height=\"699\" src=\"https:\/\/simon-widdig.de\/website\/wp-content\/uploads\/2023\/04\/JS_2023.jpg\" alt=\"\" class=\"wp-image-925\" style=\"object-fit:cover;width:225px;height:225px\" srcset=\"https:\/\/simon-widdig.de\/website\/wp-content\/uploads\/2023\/04\/JS_2023.jpg 700w, https:\/\/simon-widdig.de\/website\/wp-content\/uploads\/2023\/04\/JS_2023-300x300.jpg 300w, https:\/\/simon-widdig.de\/website\/wp-content\/uploads\/2023\/04\/JS_2023-150x150.jpg 150w\" sizes=\"auto, (max-width: 700px) 100vw, 700px\" \/><\/figure>\n\n\n\n<p>M. Sc. Insect Biotechnonogy and Bioresources<\/p>\n\n\n\n<h4 class=\"wp-block-heading\">Arbeitsschwerpunkte<\/h4>\n\n\n\n<ul class=\"wp-block-list\">\n<li>Faunistische Erfassung (Wildbienen, Entomofauna, V\u00f6gel, Haselm\u00e4use, Amphibien, Reptilien)<\/li>\n\n\n\n<li>Artenschutzrechtliche Fachbeitr\u00e4ge<\/li>\n\n\n\n<li>Koordination der Kartierer*innen<\/li>\n\n\n\n<li>Geographische Informationssysteme (GIS)<\/li>\n\n\n\n<li>Datenerfassung und -auswertung<\/li>\n<\/ul>\n\n\n\n<h4 class=\"wp-block-heading\">Kontakt<\/h4>\n\n\n\n<p>Tel.: 06421 - 9 71 29-37<\/p>\n\n\n\n<h3 class=\"wp-block-heading\">Jenny P\u00f6ll<\/h3>\n\n\n\n<figure class=\"wp-block-image size-full is-resized is-style-rounded\"><img loading=\"lazy\" decoding=\"async\" width=\"700\" height=\"700\" src=\"https:\/\/simon-widdig.de\/website\/wp-content\/uploads\/2023\/04\/JP_2023.jpg\" alt=\"\" class=\"wp-image-1061\" style=\"object-fit:cover;width:225px;height:225px\" srcset=\"https:\/\/simon-widdig.de\/website\/wp-content\/uploads\/2023\/04\/JP_2023.jpg 700w, https:\/\/simon-widdig.de\/website\/wp-content\/uploads\/2023\/04\/JP_2023-300x300.jpg 300w, https:\/\/simon-widdig.de\/website\/wp-content\/uploads\/2023\/04\/JP_2023-150x150.jpg 150w\" sizes=\"auto, (max-width: 700px) 100vw, 700px\" \/><\/figure>\n\n\n\n<p>M. Sc. Biologie<\/p>\n\n\n\n<h4 class=\"wp-block-heading\">Arbeitsschwerpunkte<\/h4>\n\n\n\n<ul class=\"wp-block-list\">\n<li>Faunistische Erfassung (Flederm\u00e4use, Wildkatzen, V\u00f6gel, Haselm\u00e4use)<\/li>\n\n\n\n<li>Baumh\u00f6hlenkontrolle mittels seilunterst\u00fctzter Baumklettertechnik (SKT-A)<\/li>\n\n\n\n<li>Artenschutzrechtliche Fachbeitr\u00e4ge, Faunistische Gutachten<\/li>\n\n\n\n<li>Geographische Informationssysteme (GIS)<\/li>\n\n\n\n<li>Datenerfassung und -auswertung<\/li>\n<\/ul>\n\n\n\n<h4 class=\"wp-block-heading\">Kontakt<\/h4>\n\n\n\n<p>Tel.: 06421 - 9 71 29-25<\/p>\n\n\n\n<h3 class=\"wp-block-heading\">Dirk Hattermann<\/h3>\n\n\n\n<figure class=\"wp-block-image size-full is-resized is-style-rounded\"><img loading=\"lazy\" decoding=\"async\" width=\"700\" height=\"700\" src=\"https:\/\/simon-widdig.de\/website\/wp-content\/uploads\/2023\/04\/DH_2023.jpg\" alt=\"\" class=\"wp-image-912\" style=\"object-fit:cover;width:225px;height:225px\" srcset=\"https:\/\/simon-widdig.de\/website\/wp-content\/uploads\/2023\/04\/DH_2023.jpg 700w, https:\/\/simon-widdig.de\/website\/wp-content\/uploads\/2023\/04\/DH_2023-300x300.jpg 300w, https:\/\/simon-widdig.de\/website\/wp-content\/uploads\/2023\/04\/DH_2023-150x150.jpg 150w\" sizes=\"auto, (max-width: 700px) 100vw, 700px\" \/><\/figure>\n\n\n\n<p>Diplom-Geograph<\/p>\n\n\n\n<h4 class=\"wp-block-heading\">Arbeitsschwerpunkte<\/h4>\n\n\n\n<ul class=\"wp-block-list\">\n<li>Faunistische Erfassungen (Amphibien, Haselm\u00e4use, Reptilien, Tagfalter, Libellen)<\/li>\n\n\n\n<li>Floristische Erfassungen<\/li>\n\n\n\n<li>Pflanzen\u00f6kologie<\/li>\n\n\n\n<li>Biotoptypenkartierung<\/li>\n\n\n\n<li>Artenschutzrechtliche Fachbeitr\u00e4ge<\/li>\n\n\n\n<li>Geographische Informationssysteme (GIS)&nbsp;<\/li>\n\n\n\n<li>Fernerkundung<\/li>\n\n\n\n<li>Datenerfassung und -auswertung<\/li>\n<\/ul>\n\n\n\n<h4 class=\"wp-block-heading\">Kontakt<\/h4>\n\n\n\n<p>Tel.: 06421 - 9 71 29-33<\/p>\n\n\n\n<h3 class=\"wp-block-heading\">Kirsten Kuhbier<\/h3>\n\n\n\n<figure class=\"wp-block-image size-full is-resized is-style-rounded\"><img loading=\"lazy\" decoding=\"async\" width=\"750\" height=\"723\" src=\"https:\/\/simon-widdig.de\/website\/wp-content\/uploads\/2023\/04\/KK_2023.jpg\" alt=\"\" class=\"wp-image-1059\" style=\"aspect-ratio:1;object-fit:cover;width:225px;height:auto\" srcset=\"https:\/\/simon-widdig.de\/website\/wp-content\/uploads\/2023\/04\/KK_2023.jpg 750w, https:\/\/simon-widdig.de\/website\/wp-content\/uploads\/2023\/04\/KK_2023-300x289.jpg 300w\" sizes=\"auto, (max-width: 750px) 100vw, 750px\" \/><\/figure>\n\n\n\n<p>M. Sc. Biologie<\/p>\n\n\n\n<h4 class=\"wp-block-heading\">Arbeitsschwerpunkte<\/h4>\n\n\n\n<ul class=\"wp-block-list\">\n<li>Faunistische Erfassungen (Flederm\u00e4use, Haselm\u00e4use)<\/li>\n\n\n\n<li>Artenschutzrechtliche Fachbeitr\u00e4ge, Faunistische Gutachten<\/li>\n\n\n\n<li>Geographische Informationssysteme (GIS)<\/li>\n\n\n\n<li>Datenerfassung und -auswertung<\/li>\n<\/ul>\n\n\n\n<h4 class=\"wp-block-heading\">Kontakt<\/h4>\n\n\n\n<p>Tel.: 06421 9 71 29-31<\/p>\n\n\n\n<h3 class=\"wp-block-heading\">Lina Erdelen<\/h3>\n\n\n\n<figure class=\"wp-block-image size-full is-resized is-style-rounded\"><img loading=\"lazy\" decoding=\"async\" width=\"700\" height=\"699\" src=\"https:\/\/simon-widdig.de\/website\/wp-content\/uploads\/2025\/01\/Lina_1-1.jpg\" alt=\"\" class=\"wp-image-1258\" style=\"object-fit:cover;width:225px;height:225px\" srcset=\"https:\/\/simon-widdig.de\/website\/wp-content\/uploads\/2025\/01\/Lina_1-1.jpg 700w, https:\/\/simon-widdig.de\/website\/wp-content\/uploads\/2025\/01\/Lina_1-1-300x300.jpg 300w, https:\/\/simon-widdig.de\/website\/wp-content\/uploads\/2025\/01\/Lina_1-1-150x150.jpg 150w\" sizes=\"auto, (max-width: 700px) 100vw, 700px\" \/><\/figure>\n\n\n\n<p>B. Sc. Geographie<\/p>\n\n\n\n<h4 class=\"wp-block-heading\">Arbeitsschwerpunkte<\/h4>\n\n\n\n<ul class=\"wp-block-list\">\n<li>Faunistische Erfassung (Flederm\u00e4use, Wildkatze, V\u00f6gel, Haselm\u00e4use)<\/li>\n\n\n\n<li>Biotoptypenkartierung<\/li>\n\n\n\n<li>Artenschutzrechtliche Fachbeitr\u00e4ge, Faunistische Gutachten<\/li>\n\n\n\n<li>Geografische Informationssysteme (GIS)<\/li>\n\n\n\n<li>Datenerfassung und -auswertung<\/li>\n<\/ul>\n\n\n\n<h4 class=\"wp-block-heading\">Kontakt<\/h4>\n\n\n\n<p>Tel.: 06421 - 9 71 29-44<\/p>\n\n\n\n<h3 class=\"wp-block-heading\">Arend Heim<\/h3>\n\n\n\n<figure class=\"wp-block-image size-full is-resized is-style-rounded\"><img loading=\"lazy\" decoding=\"async\" width=\"700\" height=\"700\" src=\"https:\/\/simon-widdig.de\/website\/wp-content\/uploads\/2022\/11\/A_Heim_portrait.jpg\" alt=\"\" class=\"wp-image-736\" style=\"object-fit:cover;width:225px;height:auto\" srcset=\"https:\/\/simon-widdig.de\/website\/wp-content\/uploads\/2022\/11\/A_Heim_portrait.jpg 700w, https:\/\/simon-widdig.de\/website\/wp-content\/uploads\/2022\/11\/A_Heim_portrait-300x300.jpg 300w, https:\/\/simon-widdig.de\/website\/wp-content\/uploads\/2022\/11\/A_Heim_portrait-150x150.jpg 150w\" sizes=\"auto, (max-width: 700px) 100vw, 700px\" \/><\/figure>\n\n\n\n<p>B. Sc. Geographie<\/p>\n\n\n\n<h4 class=\"wp-block-heading\">Arbeitsschwerpunkte<\/h4>\n\n\n\n<ul class=\"wp-block-list\">\n<li>Faunistische Erfassung (V\u00f6gel)<\/li>\n\n\n\n<li>Geografische Informationssysteme (GIS)<\/li>\n\n\n\n<li>Artenschutzrechtliche Fachbeitr\u00e4ge<\/li>\n\n\n\n<li>Fledermaus-Gondelmonitoring auf&nbsp;WKA&nbsp;(Anwender&nbsp;PSA gA&nbsp;gem\u00e4\u00df&nbsp;BGR&nbsp;198 und 199)<\/li>\n\n\n\n<li>Datenerfassung und -auswertung<\/li>\n<\/ul>\n\n\n\n<h4 class=\"wp-block-heading\">Kontakt<\/h4>\n\n\n\n<p>Tel.: 06421 - 9 71 29-0<\/p>\n\n\n\n<h3 class=\"wp-block-heading\">Farah Badraldin<\/h3>\n\n\n\n<figure class=\"wp-block-image size-full is-resized is-style-rounded\"><img loading=\"lazy\" decoding=\"async\" width=\"700\" height=\"700\" src=\"https:\/\/simon-widdig.de\/website\/wp-content\/uploads\/2023\/04\/FB_2023.jpg\" alt=\"\" class=\"wp-image-980\" style=\"object-fit:cover;width:225px;height:225px\" srcset=\"https:\/\/simon-widdig.de\/website\/wp-content\/uploads\/2023\/04\/FB_2023.jpg 700w, https:\/\/simon-widdig.de\/website\/wp-content\/uploads\/2023\/04\/FB_2023-300x300.jpg 300w, https:\/\/simon-widdig.de\/website\/wp-content\/uploads\/2023\/04\/FB_2023-150x150.jpg 150w\" sizes=\"auto, (max-width: 700px) 100vw, 700px\" \/><\/figure>\n\n\n\n<p>M. Sc. Evolution und \u00d6kologie<\/p>\n\n\n\n<h4 class=\"wp-block-heading\">Arbeitsschwerpunkte<\/h4>\n\n\n\n<ul class=\"wp-block-list\">\n<li>Biotoptypenkartierung<\/li>\n\n\n\n<li>Geographische Informationssysteme (GIS)<\/li>\n\n\n\n<li>Kartographie<\/li>\n\n\n\n<li>Datenerfassung und -auswertung<\/li>\n<\/ul>\n\n\n\n<h4 class=\"wp-block-heading\">Kontakt<\/h4>\n\n\n\n<p>Tel.: 06421 - 9 71 29-42<\/p>\n\n\n\n<h3 class=\"wp-block-heading\">Valeska St\u00f6hr<\/h3>\n\n\n\n<figure class=\"wp-block-image size-full is-resized is-style-rounded\"><img loading=\"lazy\" decoding=\"async\" width=\"700\" height=\"700\" src=\"https:\/\/simon-widdig.de\/website\/wp-content\/uploads\/2022\/11\/portrait_ersatz_1.jpeg\" alt=\"\" class=\"wp-image-781\" style=\"object-fit:cover;width:225px;height:225px\" srcset=\"https:\/\/simon-widdig.de\/website\/wp-content\/uploads\/2022\/11\/portrait_ersatz_1.jpeg 700w, https:\/\/simon-widdig.de\/website\/wp-content\/uploads\/2022\/11\/portrait_ersatz_1-300x300.jpeg 300w, https:\/\/simon-widdig.de\/website\/wp-content\/uploads\/2022\/11\/portrait_ersatz_1-150x150.jpeg 150w\" sizes=\"auto, (max-width: 700px) 100vw, 700px\" \/><\/figure>\n\n\n\n<p>Diplom-Biologin<\/p>\n\n\n\n<h4 class=\"wp-block-heading\">Arbeitsschwerpunkte<\/h4>\n\n\n\n<ul class=\"wp-block-list\">\n<li>Dateneingabe und -auswertung<\/li>\n\n\n\n<li>Qualit\u00e4tssicherung<\/li>\n\n\n\n<li>Geografische Informationssysteme (GIS)<\/li>\n\n\n\n<li>Artenschutzrechtliche Fachbeitr\u00e4ge<\/li>\n<\/ul>\n\n\n\n<h4 class=\"wp-block-heading\">Kontakt<\/h4>\n\n\n\n<p>Tel. 06421 - 9 71 29-28<\/p>\n\n\n\n<h3 class=\"wp-block-heading\">Finnja Bronold<\/h3>\n\n\n\n<figure class=\"wp-block-image size-full is-resized is-style-rounded\"><img loading=\"lazy\" decoding=\"async\" width=\"700\" height=\"700\" src=\"https:\/\/simon-widdig.de\/website\/wp-content\/uploads\/2024\/03\/Finnja.jpg\" alt=\"\" class=\"wp-image-1170\" style=\"object-fit:cover;width:225px;height:225px\" srcset=\"https:\/\/simon-widdig.de\/website\/wp-content\/uploads\/2024\/03\/Finnja.jpg 700w, https:\/\/simon-widdig.de\/website\/wp-content\/uploads\/2024\/03\/Finnja-300x300.jpg 300w, https:\/\/simon-widdig.de\/website\/wp-content\/uploads\/2024\/03\/Finnja-150x150.jpg 150w\" sizes=\"auto, (max-width: 700px) 100vw, 700px\" \/><\/figure>\n\n\n\n<p>M. Sc. Umweltnaturwissenschaften<\/p>\n\n\n\n<h4 class=\"wp-block-heading\">Arbeitsschwerpunkte<\/h4>\n\n\n\n<ul class=\"wp-block-list\">\n<li>Biotoptypenkartierung<\/li>\n\n\n\n<li>Floristische Erfassungen<\/li>\n\n\n\n<li>Faunistische Erfassungen (Tagfalter)<\/li>\n\n\n\n<li>Datenerfassung und -auswertung<\/li>\n\n\n\n<li>Artenschutzrechtliche Fachbeitr\u00e4ge<\/li>\n\n\n\n<li>Geographische Informationssysteme (GIS)<\/li>\n<\/ul>\n\n\n\n<h4 class=\"wp-block-heading\">Kontakt<\/h4>\n\n\n\n<p>Tel.: 06421 - 9 71 29-35<\/p>\n\n\n\n<h3 class=\"wp-block-heading\">Virginia Stolzenberg<\/h3>\n\n\n\n<figure class=\"wp-block-image size-full is-resized is-style-rounded\"><img loading=\"lazy\" decoding=\"async\" width=\"700\" height=\"700\" src=\"https:\/\/simon-widdig.de\/website\/wp-content\/uploads\/2022\/11\/portrait_ersatz_1.jpeg\" alt=\"\" class=\"wp-image-781\" style=\"object-fit:cover;width:225px;height:auto\" srcset=\"https:\/\/simon-widdig.de\/website\/wp-content\/uploads\/2022\/11\/portrait_ersatz_1.jpeg 700w, https:\/\/simon-widdig.de\/website\/wp-content\/uploads\/2022\/11\/portrait_ersatz_1-300x300.jpeg 300w, https:\/\/simon-widdig.de\/website\/wp-content\/uploads\/2022\/11\/portrait_ersatz_1-150x150.jpeg 150w\" sizes=\"auto, (max-width: 700px) 100vw, 700px\" \/><\/figure>\n\n\n\n<p>B. Eng. Landschaftsarchitektur<\/p>\n\n\n\n<h4 class=\"wp-block-heading\">Arbeitsschwerpunkte<\/h4>\n\n\n\n<ul class=\"wp-block-list\">\n<li>Landschaftspflegerische Begleitpl\u00e4ne<\/li>\n\n\n\n<li>FFH-Vertr\u00e4glichkeitspr\u00fcfungen<\/li>\n\n\n\n<li>Artenschutzrechtliche Fachbeitr\u00e4ge<\/li>\n\n\n\n<li>Umweltberichte<\/li>\n\n\n\n<li>Geografische Informationssysteme (GIS)<\/li>\n\n\n\n<li>Koordination der Kartierer*innen<\/li>\n<\/ul>\n\n\n\n<h4 class=\"wp-block-heading\">Kontakt<\/h4>\n\n\n\n<p>Tel. 06421 9 71 29-27<\/p>\n\n\n\n<h3 class=\"wp-block-heading\">Lukas Langer<\/h3>\n\n\n\n<figure class=\"wp-block-image size-full is-resized is-style-rounded\"><img loading=\"lazy\" decoding=\"async\" width=\"700\" height=\"700\" src=\"https:\/\/simon-widdig.de\/website\/wp-content\/uploads\/2022\/11\/portrait_ersatz_1.jpeg\" alt=\"\" class=\"wp-image-781\" style=\"object-fit:cover;width:225px;height:225px\" srcset=\"https:\/\/simon-widdig.de\/website\/wp-content\/uploads\/2022\/11\/portrait_ersatz_1.jpeg 700w, https:\/\/simon-widdig.de\/website\/wp-content\/uploads\/2022\/11\/portrait_ersatz_1-300x300.jpeg 300w, https:\/\/simon-widdig.de\/website\/wp-content\/uploads\/2022\/11\/portrait_ersatz_1-150x150.jpeg 150w\" sizes=\"auto, (max-width: 700px) 100vw, 700px\" \/><\/figure>\n\n\n\n<p>Diplom-Biologe<\/p>\n\n\n\n<h4 class=\"wp-block-heading\">Arbeitsschwerpunkte<\/h4>\n\n\n\n<ul class=\"wp-block-list\">\n<li>Faunistische Erfassung (V\u00f6gel, Flederm\u00e4use, Waldstruktur)<\/li>\n\n\n\n<li>Datenerfassung und -auswertung<\/li>\n\n\n\n<li>Geographische Informationssysteme (GIS)<\/li>\n<\/ul>\n\n\n\n<h4 class=\"wp-block-heading\">Kontakt<\/h4>\n\n\n\n<p>Tel.: 06421 9 71 29-0<\/p>\n\n\n\n<h3 class=\"wp-block-heading\">Ferenc Lindner<\/h3>\n\n\n\n<figure class=\"wp-block-image size-full is-resized is-style-rounded\"><img loading=\"lazy\" decoding=\"async\" width=\"700\" height=\"700\" src=\"https:\/\/simon-widdig.de\/website\/wp-content\/uploads\/2022\/11\/portrait_ersatz_1.jpeg\" alt=\"\" class=\"wp-image-781\" style=\"object-fit:cover;width:225px;height:225px\" srcset=\"https:\/\/simon-widdig.de\/website\/wp-content\/uploads\/2022\/11\/portrait_ersatz_1.jpeg 700w, https:\/\/simon-widdig.de\/website\/wp-content\/uploads\/2022\/11\/portrait_ersatz_1-300x300.jpeg 300w, https:\/\/simon-widdig.de\/website\/wp-content\/uploads\/2022\/11\/portrait_ersatz_1-150x150.jpeg 150w\" sizes=\"auto, (max-width: 700px) 100vw, 700px\" \/><\/figure>\n\n\n\n<p>B. Sc. Umweltwissenschaften<\/p>\n\n\n\n<h4 class=\"wp-block-heading\">Arbeitsschwerpunkte<\/h4>\n\n\n\n<ul class=\"wp-block-list\">\n<li>Faunistische Erfassung (Flederm\u00e4use)<\/li>\n\n\n\n<li>Datenerfassung und -auswertung<\/li>\n\n\n\n<li>Geographische Informationssysteme (GIS)<\/li>\n<\/ul>\n\n\n\n<h4 class=\"wp-block-heading\">Kontakt<\/h4>\n\n\n\n<p>Tel.: 06421 - 9 71 29-0<\/p>\n<\/div>\n<\/div>\n\n\n\n<p><\/p>\n","protected":false},"excerpt":{"rendered":"<p>Wir besch\u00e4ftigen ein interdisziplin\u00e4res Team von MitarbeiterInnen verschiedener natur- und ingenieurwissenschaftlicher Fachrichtungen. ProjektleiterInnen Janna Smit-Viergutz Diplom-Biologin, Projektleiterin Arbeitsschwerpunkte Kontakt Tel. 06421 - 9 71 20-17 J\u00fcrgen Schicker Diplom-Biologe, Projektleiter Arbeitsschwerpunkte Kontakt Tel.: 064212 - 9 71 29-13 Sabine Schade M. Sc. Biologie, Projektleiterin Arbeitsschwerpunkte Kontakt Tel.: 06421 - 9 71 29-0 Heiko K\u00f6stermeier Diplom-Biologe, Projektleiter <a href=\"https:\/\/simon-widdig.de\/website\/team\/\" class=\"more-link\">...weiterlesen<span class=\"screen-reader-text\"> \"Unser Team\"<\/span><\/a><\/p>\n","protected":false},"author":3,"featured_media":472,"parent":0,"menu_order":0,"comment_status":"closed","ping_status":"closed","template":"","meta":{"ngg_post_thumbnail":0,"footnotes":""},"class_list":["post-1372","page","type-page","status-publish","has-post-thumbnail","h-entry","hentry","h-as-page"],"_links":{"self":[{"href":"https:\/\/simon-widdig.de\/website\/wp-json\/wp\/v2\/pages\/1372","targetHints":{"allow":["GET"]}}],"collection":[{"href":"https:\/\/simon-widdig.de\/website\/wp-json\/wp\/v2\/pages"}],"about":[{"href":"https:\/\/simon-widdig.de\/website\/wp-json\/wp\/v2\/types\/page"}],"author":[{"embeddable":true,"href":"https:\/\/simon-widdig.de\/website\/wp-json\/wp\/v2\/users\/3"}],"replies":[{"embeddable":true,"href":"https:\/\/simon-widdig.de\/website\/wp-json\/wp\/v2\/comments?post=1372"}],"version-history":[{"count":20,"href":"https:\/\/simon-widdig.de\/website\/wp-json\/wp\/v2\/pages\/1372\/revisions"}],"predecessor-version":[{"id":1421,"href":"https:\/\/simon-widdig.de\/website\/wp-json\/wp\/v2\/pages\/1372\/revisions\/1421"}],"wp:featuredmedia":[{"embeddable":true,"href":"https:\/\/simon-widdig.de\/website\/wp-json\/wp\/v2\/media\/472"}],"wp:attachment":[{"href":"https:\/\/simon-widdig.de\/website\/wp-json\/wp\/v2\/media?parent=1372"}],"curies":[{"name":"wp","href":"https:\/\/api.w.org\/{rel}","templated":true}]}}